{"id":771,"date":"2019-02-20T14:36:38","date_gmt":"2019-02-20T13:36:38","guid":{"rendered":"https:\/\/www.yreduktor.eu\/?page_id=771"},"modified":"2019-05-23T15:33:14","modified_gmt":"2019-05-23T13:33:14","slug":"informace-o-zpracovani-osobnich-udaju","status":"publish","type":"page","link":"https:\/\/www.yreduktor.eu\/index.php\/informace-o-zpracovani-osobnich-udaju\/","title":{"rendered":"Informace o zpracov\u00e1n\u00ed osobn\u00edch \u00fadaj\u016f"},"content":{"rendered":"<div  data-bg=\"url(&quot;http:\/\/www.yreduktor.eu\/wp-content\/uploads\/2018\/08\/yilmaz_hala.jpg&quot;)\" data-label=\"Content\" data-id=\"content--1\" data-export-id=\"content-12\" data-category=\"content\" class=\"content-12 content-section content-section-spacing rocket-lazyload rocket-lazyload\" id=\"content-1\" style=\"background-color: rgb(255, 255, 255); background-size: cover; background-position: center top;\" data-section-ov=\"1\" data-was-processed=\"true\"><div  class=\"\"> <div  class=\"row text-center\"><div  class=\"section-title-col\" data-type=\"column\"> <h2  class=\"\">Informace o zpracov\u00e1n\u00ed osobn\u00edch \u00fadaj\u016f<\/h2> <\/div> <\/div> <div  class=\"row center-xs middle-xs\"> <div  class=\"col-sm-9\" data-type=\"column\"><p  class=\"\" style=\"text-align: left;\"><span  style=\"font-weight: 300;\">Spole\u010dnost D2Drives s.r.o., I\u010c: 41031130, se s\u00eddlem Dru\u017estevn\u00ed 1200\/20, 789 85 Mohelnice, zapsan\u00e1 v obchodn\u00edm rejst\u0159\u00edku veden\u00e9m Krajsk\u00fdm soudem v Ostrav\u011b pod sp. zn. C 2144 (d\u00e1le t\u00e9\u017e jen jako \u201espr\u00e1vce\u201c), je p\u0159edn\u00edm prodejcem elektromotor\u016f, frekven\u010dn\u00edch m\u011bni\u010d\u016f, sp\u00ednac\u00ed techniky a dal\u0161\u00edch v\u00fdrobk\u016f.<\/span><br ><span  style=\"font-weight: 300;\">\n\n<br >Spole\u010dnost D2Drives s.r.o. v\u017edy velmi db\u00e1 na spokojenost sv\u00fdch z\u00e1kazn\u00edk\u016f a pln\u011b respektuje jejich pr\u00e1vo na soukrom\u00ed. Spole\u010dnost D2Drives s.r.o. proto v souladu s na\u0159\u00edzen\u00edm Evropsk\u00e9ho parlamentu a Rady (EU) 2016\/679 o ochran\u011b fyzick\u00fdch osob v souvislosti se zpracov\u00e1n\u00edm osobn\u00edch \u00fadaj\u016f a o voln\u00e9m pohybu t\u011bchto \u00fadaj\u016f a o zru\u0161en\u00ed sm\u011brnice 95\/46\/ES (obecn\u00e9 na\u0159\u00edzen\u00ed o ochran\u011b osobn\u00edch \u00fadaj\u016f) (d\u00e1le jen \u201eGDPR\u201c) vyd\u00e1v\u00e1 tyto Informace o zpracov\u00e1n\u00ed osobn\u00edch \u00fadaj\u016f, jejich\u017e \u00fa\u010delem je poskytnut V\u00e1m informace o zpracov\u00e1n\u00ed osobn\u00edch \u00fadaj\u016f z\u00e1kazn\u00edk\u016f spole\u010dnosti D2Drives s.r.o.<\/span><br ><span  style=\"font-weight: 600;\">\n\n<br ><span  style=\"font-weight: 700;\">1. IDENTIFIKA\u010cN\u00cd \u00daDAJE SPR\u00c1VCE OSOBN\u00cdCH \u00daDAJ\u016e<\/span><\/span><br ><span  style=\"font-weight: 300;\">\nSpr\u00e1vcem Va\u0161ich osobn\u00edch \u00fadaj\u016f jsme my, tedy spole\u010dnost D2Drives s.r.o., I\u010c: 41031130, se s\u00eddlem Dru\u017estevn\u00ed 1200\/20, 789 85 Mohelnice.\n<\/span><br ><span  style=\"font-weight: 700;\">\n\n<br >2. ROZSAH ZPRACOV\u00c1N\u00cd, \u00da\u010cEL ZPRACOV\u00c1N\u00cd A PR\u00c1VN\u00cd Z\u00c1KLAD ZPRACOV\u00c1N\u00cd<\/span><br ><span  style=\"font-weight: 300;\">\nZpracov\u00e1v\u00e1me osobn\u00ed \u00fadaje, kter\u00e9 jste n\u00e1m poskytli:<\/span><br ><span  style=\"font-weight: 300;\">\n\n<br >\u2013 p\u0159i registraci v na\u0161em internetov\u00e9m obchod\u011b, kter\u00fd je provozov\u00e1n na webov\u00fdch str\u00e1nk\u00e1ch elektromotory.cz (d\u00e1le jen \u201einternetov\u00fd obchod\u201c), a kter\u00fd slou\u017e\u00ed k n\u00e1kupu zbo\u017e\u00ed;<\/span><br ><span  style=\"font-weight: 300;\">\u2013 za \u00fa\u010delem koup\u011b a dod\u00e1n\u00ed zbo\u017e\u00ed nebo poskytnut\u00ed slu\u017eby na provozovn\u011b, pop\u0159. jin\u00fdm zp\u016fsobem (emailem, telefonicky atd.);<\/span><br ><span  style=\"font-weight: 300;\">\u2013 za \u00fa\u010delem zas\u00edl\u00e1n\u00ed obchodn\u00edch sd\u011blen\u00ed (tzv. newslettr\u016f) s informacemi o novink\u00e1ch v na\u0161em sortimentu, akc\u00edch a slev\u00e1ch na n\u011bkter\u00e9 zbo\u017e\u00ed;<\/span><br ><span  style=\"font-weight: 300;\">\u2013 p\u0159i n\u00e1v\u0161t\u011bv\u011b na\u0161eho internetov\u00e9ho obchodu;<\/span><br ><span  style=\"font-weight: 300;\">\u2013 p\u0159i popt\u00e1vce zbo\u017e\u00ed \u010di na z\u00e1klad\u011b Va\u0161ich dotaz\u016f.<\/span><br ><span  style=\"font-weight: 300;\">\n\n<br >Zpracov\u00e1v\u00e1me zejm\u00e9na n\u00e1sleduj\u00edc\u00ed osobn\u00ed \u00fadaje:<\/span><br ><span  style=\"font-weight: 300;\">\u2013 Identifika\u010dn\u00ed \u00fadaje, zejm\u00e9na: jm\u00e9no, p\u0159\u00edjmen\u00ed, datum narozen\u00ed.<\/span><br ><span  style=\"font-weight: 300;\">\u2013 Kontaktn\u00ed \u00fadaje, zejm\u00e9na: bydli\u0161t\u011b a adresa pro doru\u010dov\u00e1n\u00ed, telefonn\u00ed \u010d\u00edslo, email.<\/span><br ><span  style=\"font-weight: 300;\">\u2013 \u00dadaje spojen\u00e9 se zakoupen\u00edm zbo\u017e\u00ed, zejm\u00e9na: bankovn\u00ed spojen\u00ed, informace o zakoupen\u00e9m zbo\u017e\u00ed.<\/span><br ><span  style=\"font-weight: 300;\">\u2013 Informace o Va\u0161ich aktivit\u00e1ch v na\u0161em internetov\u00e9m obchod\u011b<\/span><br ><span  style=\"font-weight: 300;\">\n\n<br >Skute\u010dn\u00fd rozsah zpracov\u00e1van\u00fdch osobn\u00edch \u00fadaj\u016f se v\u017edy li\u0161\u00ed v z\u00e1vislosti na tom, v jak\u00e9m postaven\u00ed jste v\u016f\u010di n\u00e1m, zda jste si z\u0159\u00eddili u\u017eivatelsk\u00fd \u00fa\u010det v internetov\u00e9m obchod\u011b, k jak\u00e9mu zpracov\u00e1n\u00ed jste n\u00e1m ud\u011blili souhlas, jak\u00e1 je aktu\u00e1ln\u00ed funkcionalita internetov\u00e9ho obchodu apod. V\u017edy v\u0161ak vy\u017eadujeme a zpracov\u00e1v\u00e1me osobn\u00ed \u00fadaje jen v takov\u00e9m rozsahu, kter\u00fd je nezbytn\u00fd k dosa\u017een\u00ed \u00fa\u010del\u016f, za kter\u00fdm je z\u00edsk\u00e1v\u00e1me.<\/span><br ><span  style=\"font-weight: 300;\">\n\n<br ><span  style=\"font-weight: 400;\">Va\u0161e osobn\u00ed \u00fadaje zpracov\u00e1v\u00e1me za n\u00e1sleduj\u00edc\u00edmi \u00fa\u010dely:<\/span><\/span><br ><span  style=\"font-weight: 300;\">\u2013 Zpracov\u00e1n\u00ed osobn\u00edch \u00fadaj\u016f za \u00fa\u010delem spln\u011bn\u00ed smlouvy \u2013 dod\u00e1n\u00ed zbo\u017e\u00ed\/poskytnut\u00ed slu\u017eby<\/span><br ><span  style=\"font-weight: 300;\">\nPokud jste osobou, kter\u00e1 si u n\u00e1s chce objednat zbo\u017e\u00ed nebo chce poskytnout slu\u017ebu, nebo jste osobou, kter\u00e9 m\u00e1 b\u00fdt na z\u00e1klad\u011b smlouvy uzav\u0159en\u00e9 s na\u0161\u00edm z\u00e1kazn\u00edkem doru\u010deno zbo\u017e\u00ed \u010di poskytnuta slu\u017eba, zpracov\u00e1v\u00e1me Va\u0161e osobn\u00ed \u00fadaje nezbytn\u00e9 k tomu, aby mohla b\u00fdt objedn\u00e1vka \u0159\u00e1dn\u011b p\u0159ipravena a doru\u010dena.<\/span><br ><span  style=\"font-weight: 300;\">\nVa\u0161e osobn\u00ed \u00fadaje tedy pot\u0159ebujeme a zpracov\u00e1v\u00e1me za \u00fa\u010delem uzav\u0159en\u00ed a \u0159\u00e1dn\u00e9ho spln\u011bn\u00ed smlouvy.<\/span><br ><span  style=\"font-weight: 300;\">\n (Zpracov\u00e1n\u00ed osobn\u00edch \u00fadaj\u016f podle \u010dl. 6 odst. 1 p\u00edsm. b) GDPR)<\/span><br ><span  style=\"font-weight: 300;\">\n\n<br >\u2013 Zpracov\u00e1n\u00ed osobn\u00edch \u00fadaj\u016f za \u00fa\u010delem pln\u011bn\u00ed na\u0161ich pr\u00e1vn\u00edch povinnost\u00ed<\/span><br ><span  style=\"font-weight: 300;\">\nV n\u011bkter\u00fdch p\u0159\u00edpadech mus\u00edme Va\u0161e osobn\u00ed \u00fadaje zpracov\u00e1vat, jeliko\u017e n\u00e1m tak ukl\u00e1daj\u00ed pr\u00e1vn\u00ed p\u0159edpisy. Jde zejm\u00e9na o povinnosti vy\u017eadovan\u00e9 z\u00e1konem o \u00fa\u010detnictv\u00ed a dal\u0161\u00edmi pr\u00e1vn\u00edmi p\u0159edpisy z oblasti dan\u00ed.<\/span><br ><span  style=\"font-weight: 300;\">\n(Zpracov\u00e1n\u00ed osobn\u00edch \u00fadaj\u016f podle \u010dl. 6 odst. 1 p\u00edsm. c) GDPR)<\/span><br ><span  style=\"font-weight: 300;\"><br >\u2013 Zpracov\u00e1n\u00ed osobn\u00edch \u00fadaj\u016f z d\u016fvodu na\u0161ich opr\u00e1vn\u011bn\u00fdch z\u00e1jm\u016f<\/span><br ><span  style=\"font-weight: 300;\">\nVa\u0161e osobn\u00ed \u00fadaje d\u00e1le zpracov\u00e1v\u00e1me z d\u016fvodu na\u0161ich opr\u00e1vn\u011bn\u00fdch z\u00e1jm\u016f, kter\u00fdmi jsou:<\/span><br ><span  style=\"font-weight: 300;\">ochrana na\u0161ich pr\u00e1v vypl\u00fdvaj\u00edc\u00edch z uzav\u0159en\u00e9 smlouvy, pokud dojde k jej\u00edmu poru\u0161en\u00ed z Va\u0161\u00ed strany, nebo pokud v souvislosti se smlouvou v\u016f\u010di n\u00e1m uplatn\u00edte sv\u00e9 n\u00e1roky;<\/span><br ><span  style=\"font-weight: 300;\">\nzas\u00edl\u00e1n\u00ed obchodn\u00edch sd\u011blen\u00ed z\u00e1kazn\u00edk\u016fm ve smyslu \u00a7 7 odst. 3 z\u00e1kona \u010d. 480\/2004 Sb., o n\u011bkter\u00fdch slu\u017eb\u00e1ch informa\u010dn\u00ed spole\u010dnosti a o zm\u011bn\u011b n\u011bkter\u00fdch z\u00e1kon\u016f (z\u00e1kon o n\u011bkter\u00fdch slu\u017eb\u00e1ch informa\u010dn\u00ed spole\u010dnosti).<\/span><br ><span  style=\"font-weight: 300;\">\n(Zpracov\u00e1n\u00ed osobn\u00edch \u00fadaj\u016f podle \u010dl. 6 odst. 1 p\u00edsm. f) GDPR)<\/span><br ><span  style=\"font-weight: 300;\">\n\n<br >\u2013 Zpracov\u00e1n\u00ed osobn\u00edch \u00fadaj\u016f na z\u00e1klad\u011b souhlasu<\/span><br ><span  style=\"font-weight: 300;\">\nV p\u0159\u00edpad\u011b, \u017ee ke zpracov\u00e1n\u00ed nem\u00e1me \u017e\u00e1dn\u00fd z v\u00fd\u0161e uveden\u00fdch d\u016fvod\u016f, prov\u00e1d\u00edme zpracov\u00e1n\u00ed osobn\u00edch \u00fadaj\u016f s Va\u0161\u00edm souhlasem. Poskytnut\u00ed takov\u00e9ho souhlasu je zcela dobrovoln\u00e9, nicm\u00e9n\u011b v n\u011bkter\u00fdch p\u0159\u00edpadech m\u016f\u017ee b\u00fdt p\u0159edpokladem poskytnut\u00ed ur\u010dit\u00e9 slu\u017eby. Souhlas se zpracov\u00e1n\u00edm osobn\u00edch \u00fadaj\u016f lze kdykoliv odvolat, na p\u0159edchoz\u00ed zpracov\u00e1n\u00ed to ale nem\u00e1 ji\u017e \u017e\u00e1dn\u00fd vliv.<\/span><br ><span  style=\"font-weight: 300;\">\n\n<br >Souhlas se zpracov\u00e1n\u00edm osobn\u00edch \u00fadaj\u016f je vy\u017eadov\u00e1n p\u0159edev\u0161\u00edm v n\u00e1sleduj\u00edc\u00edch p\u0159\u00edpadech:<\/span><br ><span  style=\"font-weight: 300;\">\nzas\u00edl\u00e1n\u00ed obchodn\u00edch sd\u011blen\u00ed ve smyslu \u00a7 7 odst. 2 z\u00e1kona \u010d. 480\/2004 Sb., o n\u011bkter\u00fdch slu\u017eb\u00e1ch informa\u010dn\u00ed spole\u010dnosti a o zm\u011bn\u011b n\u011bkter\u00fdch z\u00e1kon\u016f (z\u00e1kon o n\u011bkter\u00fdch slu\u017eb\u00e1ch informa\u010dn\u00ed spole\u010dnosti): Pokud jste se p\u0159ihl\u00e1sili k odb\u011bru obchodn\u00edch sd\u011blen\u00ed (tzv. newsletter\u016f), budeme V\u00e1m na emailovou adresu zas\u00edlat obchodn\u00ed sd\u011blen\u00ed o novink\u00e1ch v na\u0161em sortimentu a pl\u00e1novan\u00fdch akc\u00edch a slev\u00e1ch.<\/span><br ><span  style=\"font-weight: 300;\">\nvyu\u017e\u00edv\u00e1n\u00ed cookies<\/span><br ><span  style=\"font-weight: 300;\">\n (Zpracov\u00e1n\u00ed osobn\u00edch \u00fadaj\u016f podle \u010dl. 6 odst. 1 p\u00edsm. a) GDPR)<\/span><br ><span  style=\"font-weight: 300;\">\n\n<br >V n\u011bkter\u00fdch p\u0159\u00edpadech m\u016f\u017ee b\u00fdt jeden a tent\u00fd\u017e osobn\u00ed \u00fadaj zpracov\u00e1v\u00e1n z r\u016fzn\u00fdch d\u016fvod\u016f (nap\u0159. Va\u0161i emailovou adresu m\u016f\u017eeme pot\u0159ebovat k tomu, abychom V\u00e1m zaslali potvrzen\u00ed o objedn\u00e1vce a z\u00e1rove\u0148 i k zas\u00edl\u00e1n\u00ed obchodn\u00edch sd\u011blen\u00ed).\n<\/span><span  style=\"font-weight: 300;\"><br >Ke zpracov\u00e1n\u00ed Va\u0161ich osobn\u00edch \u00fadaj\u016f doch\u00e1z\u00ed prost\u0159edn\u00edm v\u00fdpo\u010detn\u00ed techniky, pop\u0159. i manu\u00e1ln\u00edm zp\u016fsobem u osobn\u00edch \u00fadaj\u016f v listinn\u00e9 podob\u011b, a to za dodr\u017een\u00ed v\u0161ech bezpe\u010dnostn\u00edch z\u00e1sad pro spr\u00e1vu a zpracov\u00e1n\u00ed osobn\u00edch \u00fadaj\u016f dle p\u0159\u00edslu\u0161n\u00fdch pr\u00e1vn\u00edch p\u0159edpis\u016f upravuj\u00edc\u00edch ochranu osobn\u00edch \u00fadaj\u016f. Za t\u00edmto \u00fa\u010delem jsme p\u0159ijali p\u0159\u00edslu\u0161n\u00e1 technick\u00e1 a organiza\u010dn\u00ed opat\u0159en\u00ed, kter\u00e1 pravideln\u011b prov\u011b\u0159ujeme a aktualizujeme.<\/span><br ><span  style=\"font-weight: 700;\"><br >3. DOBA ZPRACOV\u00c1N\u00cd OSOBN\u00cdCH \u00daDAJ\u016e<\/span><br ><span  style=\"font-weight: 300;\">\nOsobn\u00ed \u00fadaje jsou zpracov\u00e1v\u00e1ny pouze po nezbytnou dobu, kter\u00e1 je individu\u00e1ln\u00ed pro jednotliv\u00e9 \u00fa\u010dely zpracov\u00e1n\u00ed. M\u016f\u017ee se jednat o dobu nutnou k dosa\u017een\u00ed \u00fa\u010delu, pro kter\u00fd byly osobn\u00ed \u00fadaje z\u00edsk\u00e1ny, nebo o dobu, kterou stanov\u00ed pr\u00e1vn\u00ed p\u0159edpis. Po uplynut\u00ed doby nezbytn\u00e9 pro zpracov\u00e1n\u00ed jsou osobn\u00ed \u00fadaje zlikvidov\u00e1ny.<\/span><br ><span  style=\"font-weight: 300;\">\nV p\u0159\u00edpad\u011b ud\u011blen\u00ed souhlasu ke zpracov\u00e1n\u00ed osobn\u00edch \u00fadaj\u016f k ur\u010dit\u00e9mu \u00fa\u010delu je doba zpracov\u00e1n\u00ed d\u00e1na trv\u00e1n\u00edm souhlasu, nen\u00ed-li p\u0159\u00edmo v souhlasu uvedeno jinak. Souhlas m\u016f\u017eete kdykoliv odvolat a t\u00edm zpracov\u00e1n\u00ed ukon\u010dit.\n<\/span><br ><span  style=\"font-weight: 700;\">\n\n<br >4. SD\u00cdLEN\u00cd OSOBN\u00cdCH \u00daDAJ\u016e<\/span><br ><span  style=\"font-weight: 300;\">\nVa\u0161e osobn\u00ed \u00fadaje nesd\u00edl\u00edme s nik\u00fdm bez Va\u0161eho souhlasu, pokud to pr\u00e1vn\u00ed p\u0159edpisy nebo tyto Informace o zpracov\u00e1n\u00ed osobn\u00edch \u00fadaj\u016f neumo\u017e\u0148uj\u00ed, nebo pokud nutnost sd\u00edlen\u00ed nevypl\u00fdv\u00e1 z kupn\u00ed smlouvy.<\/span><br ><span  style=\"font-weight: 300;\">\nPro zpracov\u00e1n\u00ed osobn\u00edch \u00fadaj\u016f m\u016f\u017eeme vyu\u017e\u00edvat rovn\u011b\u017e slu\u017eeb dal\u0161\u00edch zpracovatel\u016f, kte\u0159\u00ed osobn\u00ed \u00fadaje zpracov\u00e1vaj\u00ed pouze podle na\u0161ich pokyn\u016f a pro \u00fa\u010dely, kter\u00e9 jsou v\u00fd\u0161e uveden\u00e9. Mezi tyto zpracovatele pat\u0159\u00ed poskytovatel\u00e9 slu\u017eeb nezbytn\u00fdch pro n\u00e1\u0161 provoz, p\u0159edev\u0161\u00edm:<\/span><br ><span  style=\"font-weight: 300;\">\u2013 poskytovatel\u00e9 pro spr\u00e1vu \u00fa\u010detnictv\u00ed a dan\u00ed;<\/span><br ><span  style=\"font-weight: 300;\">\u2013 poskytovatel\u00e9 ICT slu\u017eeb;<\/span><br ><span  style=\"font-weight: 300;\">\u2013 poskytovatel\u00e9 po\u0161tovn\u00edch slu\u017eeb.<\/span><br ><span  style=\"font-weight: 300;\">\nVa\u0161e osobn\u00ed \u00fadaje mohou b\u00fdt na z\u00e1klad\u011b z\u00e1konn\u00e9 povinnosti \u010di \u017e\u00e1dosti p\u0159ed\u00e1ny t\u00e9\u017e t\u0159et\u00edm subjekt\u016fm, kter\u00e9 disponuj\u00ed z\u00e1konnou pravomoc\u00ed vy\u017eadovat p\u0159ed\u00e1n\u00ed p\u0159edm\u011btn\u00fdch osobn\u00edch \u00fadaj\u016f.\n<\/span><span  style=\"font-weight: 300;\">Vyjma v\u00fd\u0161e uveden\u00fdch p\u0159\u00edpad\u016f s Va\u0161imi osobn\u00edmu \u00fadaji nikterak neobchodujeme, nikomu je neprod\u00e1v\u00e1me ani je s nik\u00fdm nevym\u011b\u0148ujeme.<\/span><br ><span  style=\"font-weight: 300;\">\nP\u0159i poskytov\u00e1n\u00ed Va\u0161ich osobn\u00edch \u00fadaj\u016f t\u0159et\u00edm stran\u00e1m v\u017edy db\u00e1me s nejv\u011bt\u0161\u00ed opatrnost\u00ed na to, aby byly Va\u0161e osobn\u00ed \u00fadaje zp\u0159\u00edstupn\u011bny pouze v nezbytn\u00e9m rozsahu.\n<\/span><br ><span  style=\"font-weight: 700;\">\n\n<br >5. VA\u0160E PR\u00c1VA V SOUVISLOSTI S OSOBN\u00cdMI \u00daDAJI<\/span><br ><span  style=\"font-weight: 300;\">\nM\u00e1te pr\u00e1vo na potvrzen\u00ed, zda jsou Va\u0161e osobn\u00ed \u00fadaje zpracov\u00e1v\u00e1ny, \u010di nikoliv, a pokud Va\u0161e osobn\u00ed \u00fadaje zpracov\u00e1v\u00e1me, m\u00e1te pr\u00e1vo na p\u0159\u00edstup k t\u011bmto osobn\u00edm \u00fadaj\u016fm a k informac\u00edm v rozsahu dle \u010dl\u00e1nku 15 GDPR, zejm\u00e9na na informace o:<\/span><br ><span  style=\"font-weight: 300;\">\u2013 \u00fa\u010delu zpracov\u00e1n\u00ed;<\/span><br ><span  style=\"font-weight: 300;\">\u2013 kategorii dot\u010den\u00fdch osobn\u00edch \u00fadaj\u016f;<\/span><br ><span  style=\"font-weight: 300;\">\u2013 p\u0159\u00edjemc\u00edch nebo kategori\u00edch p\u0159\u00edjemc\u016f, kter\u00fdm osobn\u00ed \u00fadaje byly nebo budou zp\u0159\u00edstupn\u011bny;<\/span><br ><span  style=\"font-weight: 300;\">\u2013 pl\u00e1novan\u00e9 dob\u011b, po kterou budou osobn\u00ed \u00fadaje ulo\u017eeny;<\/span><br ><span  style=\"font-weight: 300;\">\u2013 Va\u0161ich pr\u00e1vech v souvislosti se zpracov\u00e1n\u00edm osobn\u00edch \u00fadaj\u016f;<\/span><br ><span  style=\"font-weight: 300;\">\u2013 ve\u0161ker\u00e9 dostupn\u00e9 informace o zdroji osobn\u00edch \u00fadaj\u016f, pokud nebyly z\u00edsk\u00e1ny p\u0159\u00edmo od V\u00e1s;<\/span><br ><span  style=\"font-weight: 300;\">\u2013 skute\u010dnosti, zda doch\u00e1z\u00ed k automatizovan\u00e9mu rozhodov\u00e1n\u00ed, v\u010detn\u011b profilov\u00e1n\u00ed.<\/span><br ><span  style=\"font-weight: 300;\">\n\n<br >Ohledn\u011b osobn\u00edch \u00fadaj\u016f m\u00e1te d\u00e1le mimo jin\u00e9:<\/span><br ><span  style=\"font-weight: 300;\">\u2013 pr\u00e1vo na opravu osobn\u00edch \u00fadaj\u016f dle \u010dl. 16 GDPR, pokud zpracov\u00e1v\u00e1me nep\u0159esn\u00e9 osobn\u00ed \u00fadaje, kter\u00e9 se V\u00e1s t\u00fdkaj\u00ed, pop\u0159. m\u00e1te pr\u00e1vo na dopln\u011bn\u00ed ne\u00fapln\u00fdch osobn\u00edch \u00fadaj\u016f;<\/span><br ><span  style=\"font-weight: 300;\">\u2013 pr\u00e1vo na v\u00fdmaz osobn\u00edch \u00fadaj\u016f (\u201epr\u00e1vo b\u00fdt zapomenut\u201c) dle \u010dl. 17 GDPR;<\/span><br ><span  style=\"font-weight: 300;\">\u2013 pr\u00e1vo na omezen\u00ed zpracov\u00e1n\u00ed Va\u0161ich osobn\u00edch \u00fadaj\u016f dle \u010dl. 18 GDPR;<\/span><br ><span  style=\"font-weight: 300;\">\u2013 pr\u00e1vo na p\u0159enositelnost osobn\u00edch \u00fadaj\u016f dle \u010dl. 20 GDPR;<\/span><br ><span  style=\"font-weight: 300;\">\u2013 pr\u00e1vo vzn\u00e9st n\u00e1mitku proti zpracov\u00e1n\u00ed osobn\u00edch \u00fadaj\u016f dle \u010dl. 21 GDPR;<\/span><br ><span  style=\"font-weight: 300;\">\u2013 pr\u00e1vo obr\u00e1tit se na dozorov\u00fd \u00fa\u0159ad, kter\u00fdm je \u00da\u0159ad pro ochranu osobn\u00edch \u00fadaj\u016f.<\/span><br ><span  style=\"font-weight: 300;\">\n\n<br >P\u0159i zji\u0161t\u011bn\u00ed, \u017ee bylo poru\u0161eno zabezpe\u010den\u00ed osobn\u00edch \u00fadaj\u016f, nebo p\u0159i podez\u0159en\u00ed, \u017ee bylo poru\u0161eno toto zabezpe\u010den\u00ed, posoud\u00edme, zda skute\u010dn\u011b do\u0161lo k poru\u0161en\u00ed zabezpe\u010den\u00ed, vyhodnot\u00edme z\u00e1va\u017enost (bez rizika, n\u00edzk\u00e9 riziko, vysok\u00e9 riziko) a podle z\u00e1va\u017enosti o poru\u0161en\u00ed informujeme V\u00e1s i dozorov\u00fd org\u00e1n, kter\u00fdm je \u00da\u0159ad pro ochranu osobn\u00edch \u00fadaj\u016f.<\/span><br ><span  style=\"font-weight: 300;\">\n\n<br >V p\u0159\u00edpad\u011b, \u017ee byste cht\u011bli uplatnit n\u011bkter\u00e1 z pr\u00e1v v\u00fd\u0161e uveden\u00fdch, nebo pokud zjist\u00edte nebo se domn\u00edv\u00e1te, \u017ee doch\u00e1z\u00ed k zpracov\u00e1n\u00ed Va\u0161ich osobn\u00edch \u00fadaj\u016f, kter\u00e9 je v rozporu s ochrannou soukrom\u00e9ho pr\u00e1va a osobn\u00edho \u017eivota nebo v rozporu se z\u00e1konem, nev\u00e1hejte n\u00e1s kdykoliv kontaktovat.<\/span><br ><span  style=\"font-weight: 300;\">\n\n<br >Pokud ke zpracov\u00e1n\u00ed Va\u0161ich osobn\u00edch \u00fadaj\u016f doch\u00e1z\u00ed pouze na z\u00e1klad\u011b souhlasu, m\u00e1te pr\u00e1vo tento souhlas kdykoliv odvolat.\n<\/span><span  style=\"font-weight: 300;\">Pokud zjist\u00edte nebo se domn\u00edv\u00e1te, \u017ee do\u0161lo k poru\u0161en\u00ed Va\u0161ich pr\u00e1v na ochranu osobn\u00edch \u00fadaj\u016f, m\u016f\u017eete se obr\u00e1tit p\u0159\u00edmo na dozorov\u00fd \u00fa\u0159ad, kter\u00fdm je \u00da\u0159ad pro ochranu osobn\u00edch \u00fadaj\u016f.<\/span><br ><span  style=\"font-weight: 300;\">\n\n<br ><span  style=\"font-weight: 700;\">6. U\u017dITE\u010cN\u00c9 KONTAKTY<\/span><\/span><br ><span  style=\"font-weight: 300;\">\nD2Drives s.r.o.<\/span><br ><span  style=\"font-weight: 300;\">\nDru\u017estevn\u00ed 1200\/20<\/span><br ><span  style=\"font-weight: 300;\">\n789 85 Mohelnice<\/span><br ><span  style=\"font-weight: 300;\">\nE-mail: drives@d2g.cz<\/span><br ><span  style=\"font-weight: 300;\">\nTelefon: +420 583 453 043<\/span><br ><span  style=\"font-weight: 300;\">\nwww: www.d2drives.cz\n<\/span><br ><span  style=\"font-weight: 300;\">\n\n<br >\u00da\u0159ad pro ochranu osobn\u00edch \u00fadaj\u016f<\/span><br ><span  style=\"font-weight: 300;\">\nPplk. Sochora 27<\/span><br ><span  style=\"font-weight: 300;\">\n170 00 Praha 7<\/span><br ><span  style=\"font-weight: 300;\">\nE-mail: posta@uoou.cz<\/span><br ><span  style=\"font-weight: 300;\">\nTelefon: +420 234 665 111<\/span><br ><span  style=\"font-weight: 300;\">\nwww: https:\/\/www.uoou.cz<\/span><\/p> <\/div> <\/div><\/div> <\/div><div  data-label=\"Content\" data-id=\"content--2\" data-export-id=\"content-12\" data-category=\"content\" class=\"content-12 content-section content-section-spacing\" id=\"content-2\" style=\"background-color: rgb(255, 255, 255); background-image: none;\"><div  class=\"\"> <div  class=\"row text-center\"><div  class=\"section-title-col\" data-type=\"column\"> <h2  class=\"\">Information on personal data processing<\/h2> <\/div> <\/div> <div  class=\"row center-xs middle-xs\"> <div  class=\"col-sm-9\" data-type=\"column\"><p  class=\"\" style=\"text-align: left;\"><span  style=\"font-weight: 300;\">D2Drives s.r.o., company number: 41031130, with their registered office at Dru\u017estevn\u00ed 1200\/20, 789 85 Mohelnice, registered in the Commercial Register maintained by the Regional Court in Ostrava, file no. C 2144 (hereafter only \u201cController\u201d), is a leading supplier of electric motors, frequency converters, switching technology and other products.\n<br ><\/span><br ><span  style=\"font-weight: 300;\">\nD2Drives s.r.o. pay attention to customer satisfaction at all times and fully respects their right to privacy. In this respect and in accordance with the Regulation (EU) 2016\/679 of the European Parliament and of the Council on the protection of natural persons with regard to personal data processing and also to the free movement of such data and repealing Directive 95\/46\/EC (General Data Protection Regulation \u2013 hereafter only \u201cGDPR\u201d), D2Drives s.r.o. issued this Information on personal data processing, whereby the purpose is to provide you with information on the personal data processing of the Customers of D2Drives s.r.o.\n\n<br ><\/span><br ><span  style=\"font-weight: 600;\">\n1.\tIDENTIFICATION DATA OF THE PERSONAL DATA CONTROLLER<\/span><br ><span  style=\"font-weight: 300;\">\nD2Drives s.r.o., we are the controller of your personal data, company number: 41031130, with the registered office at Dru\u017estevn\u00ed 1200\/20, 789 85 Mohelnice.\n\n<br ><\/span><br ><span  style=\"font-weight: 600;\">\n2.\tTHE SCOPE, PURPOSE AND LEGAL BASIS OF THE PROCESSING<\/span><br ><span  style=\"font-weight: 300;\">\nWe process personal data which you provided us with:<\/span><br ><span  style=\"font-weight: 300;\">\n\u2013\tupon registration with our e-shop, which is operated from website www.elektromotory.cz (hereafter only \u201ce-shop\u201d) and which serves for the purpose of purchasing goods;<\/span><br ><span  style=\"font-weight: 300;\">\n\u2013\tfor the purpose of purchase and supply of products or provision of service at the business premises or otherwise (such as by email or telephone);<\/span><br ><span  style=\"font-weight: 300;\">\n\u2013\tfor the purpose of sending commercial communications (newsletters) with information about news in our product range, campaigns and sales on certain products;<\/span><br ><span  style=\"font-weight: 300;\">\n\u2013\twhen visiting of our e-shop;<\/span><br ><span  style=\"font-weight: 300;\">\n\u2013\twhen requesting products or based on your inquiries.\n\n<br ><\/span><br ><span  style=\"font-weight: 300;\">\nWe process, in particular, the following personal data:<\/span><br ><span  style=\"font-weight: 300;\">\n\u2013 Identification data, such as: name, surname, date of birth.<\/span><br ><span  style=\"font-weight: 300;\">\n\u2013 Contact details, such as: residence and mailing address, telephone number, email.<\/span><br ><span  style=\"font-weight: 300;\">\n\u2013 Data related to the purchase of products, such as: bank account number, information on purchased product.<\/span><br ><span  style=\"font-weight: 300;\">\n\u2013 Information regarding your activities in our e-shop, such as which product you\u2019re looking at.\n\n<br ><\/span><br ><span  style=\"font-weight: 300;\">\nThe actual extent of the personal data processed varies depending on your position with us, whether you have registered for a user account in our e-shop, whereby you have consented to processing, what is the shop\u2019s current functionality etc. However, we always request and only process personal data to the necessary extent in relation to the purpose for which it is obtained.\n<\/span><br ><span  style=\"font-weight: 300;\">\nWe process your personal data for the following purposes:<\/span><br ><span  style=\"font-weight: 300;\">\n\u2013\tPersonal data processing for the purpose of performing an Agreement \u2013 supply of products\/service provision<\/span><br ><span  style=\"font-weight: 300;\">\nIf you\u2019re a person wanting to order our products or need a provided service, or a person who will be supplied with products or provided service on the basis of an Agreement concluded with our customer, we process your personal data necessary for the order to be correctly prepared and delivered.<\/span><br ><span  style=\"font-weight: 300;\">\nTherefore, we need your personal data and we process them for the purpose of concluded and performing the Agreement.<\/span><br ><span  style=\"font-weight: 300;\">\n(Personal data processing according to Article 6 (1)(b) GDPR)\n\n<br ><\/span><br ><span  style=\"font-weight: 300;\">\n\u2013 Personal data processing for the purpose of compliance with our legal obligations<\/span><br ><span  style=\"font-weight: 300;\">\nIn some cases, we need to process your personal data in order to comply with legal regulations. It particularly concerns the obligations required by the Act on accounting and other legal regulations regarding taxes.<\/span><br ><span  style=\"font-weight: 300;\">\n(Personal data processing to Article 6 (1)(c) GDPR)\n\n<br ><\/span><br ><span  style=\"font-weight: 300;\">\n\u2013 Personal data processing for the purpose of our legitimate interests<\/span><br ><span  style=\"font-weight: 300;\">\nWe also process your personal data for the purpose of our legitimate interests that are the following:<\/span><br ><span  style=\"font-weight: 300;\">\na)\tprotection of our rights arising from the concluded Agreement, if you violated the Agreement or if you claim your rights against us in connection with the Agreement;<\/span><br ><span  style=\"font-weight: 300;\">\nb)\tsending commercial communications to customers in accordance with Section 7 (3), Act no. 480\/2004 Sb., on certain Information Society Services and on Amendments to some Acts (Act on Certain Information Society Services).<\/span><br ><span  style=\"font-weight: 300;\">\n(Personal data processing according to Article 6 (1)(f) GDPR)\n\n<br ><\/span><br ><span  style=\"font-weight: 300;\">\n\u2013 Personal data processing on the basis of your consent<\/span><br ><span  style=\"font-weight: 300;\">\nWhere we do not process personal data for any of the above-mentioned purposes, we process your personal data with your consent. Providing such consent is completely voluntary, however, in some cases it may be the prerequisite to provide some service. The consent for personal data processing may be withdrawn at any time, however, the preceding processing is thereby not affected.<\/span><br ><span  style=\"font-weight: 300;\">\nThe consent for personal data processing is particularly requested in the following cases:<\/span><br ><span  style=\"font-weight: 300;\">\na)\tSending commercial communications in accordance with Section 7 (2), Act no. 480\/2004 Sb., on certain Information Society Services and on Amendments to some Acts (Act on Certain Information Society Services): If you have subscribed to our commercial communications (newsletters), we\u2019ll send you commercial communications concerning news about our product range, planned campaigns and sales to your email.<\/span><br ><span  style=\"font-weight: 300;\">\nb)\tUsing cookies: By giving your consent to the use of cookies, your personal data is processed for purposes of obtaining statistical data about your activities in our e-shop. This data serves us to improve the provision of our services and our e-shop.<\/span><br ><span  style=\"font-weight: 300;\">\n(Personal data processing according to Article 6 (1)(a) GDPR)\n\n<br ><\/span><br ><span  style=\"font-weight: 300;\">\n\u2013 In some case, the same personal data may be processed for different purposes (for example, when we may need your email address in order to send you confirmation regarding your order and at the same time to send you the commercial communication).\n<\/span><br ><span  style=\"font-weight: 300;\">\n\u2013  Your personal data is processed by using the information technology, or manually regarding personal data in paper form. Both methods comply with all the security principles for the administration and processing of personal data according to the applicable legal regulations for the personal data protection. For this purpose, we have implemented appropriate technical and organisational measures which we review and update regularly.\n\n<br ><\/span><br ><span  style=\"font-weight: 600;\">\n3.\tPERSONAL DATA PROCESSING DURATION<\/span><br ><span  style=\"font-weight: 300;\">\nPersonal data is only processed for the necessary time period, which is individual for each processing purpose. This may be the time required to achieve the purpose for which the personal data was obtained or the time required by law. After the processing time has elapsed the personal data is destroyed.\n<\/span><br ><span  style=\"font-weight: 300;\">\nIn case of consent to personal data processing for a particular purpose, the duration of processing depends on the consent\u2019s duration, unless otherwise stated in the consent. You may withdraw your consent at any time and processing will be terminated.\n\n<br ><\/span><br ><span  style=\"font-weight: 600;\">\n4.\tPERSONAL DATA SHARING<\/span><br ><span  style=\"font-weight: 300;\">\nWe do not share your personal data with anyone without your consent, unless permitted by law or Information on personal data processing or unless the necessity to share arises from the purchase Agreement.<\/span><br ><span  style=\"font-weight: 300;\">\nRegarding personal data processing, we may also use the services of other processors that only process personal data under our instructions and for the above-mentioned purposes. The processors are the providers of services necessary for our operation, in particular:<\/span><br ><span  style=\"font-weight: 300;\">\n\u2013\tproviders of administration for accounting and taxes;<\/span><br ><span  style=\"font-weight: 300;\">\n\u2013\tICT service providers;<\/span><br ><span  style=\"font-weight: 300;\">\n\u2013\tpostal service providers.\n\n<br ><\/span><br ><span  style=\"font-weight: 300;\">\nIn order to comply with legal obligations or requests, your personal data may also be transferred to third parties that have the legal authority to request the transfer of the personal data in question.<\/span><br ><span  style=\"font-weight: 300;\">\nExcept for the above-mentioned cases, we don\u2019t trade your personal data in any form, we don\u2019t sell it to anyone, and we don\u2019t exchange it with anyone.<\/span><br ><span  style=\"font-weight: 300;\">\nWhen providing your personal data to third parties, we always take great care so that your personal data is only disclosed to the extent necessary.\n\n<br ><\/span><br ><span  style=\"font-weight: 600;\">\n5.\tYOUR RIGHTS IN RELATION TO PERSONAL DATA<\/span><br ><span  style=\"font-weight: 300;\">\nYou have the right to obtain confirmation regarding whether or not your personal data is being processed, and, where that is the case, you have the right to access that personal data and to information within the scope of Article 15 of the GDPR, in particular on:<\/span><br ><span  style=\"font-weight: 300;\">\n\u2013\tthe processing purpose;<\/span><br ><span  style=\"font-weight: 300;\">\n\u2013\tthe category of personal data concerned;<\/span><br ><span  style=\"font-weight: 300;\">\n\u2013\tthe recipients or categories of recipients to whom the personal data has been or will be disclosed;<\/span><br ><span  style=\"font-weight: 300;\">\n\u2013\tthe envisaged period for which the personal data will be stored;<\/span><br ><span  style=\"font-weight: 300;\">\n\u2013\tyour rights in relation to personal data processing;<\/span><br ><span  style=\"font-weight: 300;\">\n\u2013\twhere personal data is not collected from you, any available information as to their source;<\/span><br ><span  style=\"font-weight: 300;\">\n\u2013\tthe existence of automated decision-making, including profiling.\n\n<br ><\/span><br ><span  style=\"font-weight: 300;\">\nAmong others, regarding personal data you also have the following rights:<\/span><br ><span  style=\"font-weight: 300;\">\n\u2013\tthe right to obtain rectification of personal data according to Article 16 of the GDPR, if we process inaccurate personal data concerning you, or where applicable, the right to complete the incomplete personal data;<\/span><br ><span  style=\"font-weight: 300;\">\n\u2013\tthe right to erase (\u201cright to be forgotten\u201d) according to Article 17 of the GDPR;<\/span><br ><span  style=\"font-weight: 300;\">\n\u2013\tthe right to restrict personal data processing according to Article 18 of the GDPR;<\/span><br ><span  style=\"font-weight: 300;\">\n\u2013\tthe right to personal data portability according to Article 20 of the GDPR;<\/span><br ><span  style=\"font-weight: 300;\">\n\u2013\tright to object to personal data processing according to Article 21 of the GDPR;<\/span><br ><span  style=\"font-weight: 300;\">\n\u2013\tright to refer to the supervisory authority, which is the Personal Data Protection Office.\n\n<br ><\/span><br ><span  style=\"font-weight: 300;\">\nWhen identifying that personal data has been violated or when there\u2019s a suspicion that the personal data has been violated, we assess whether or not the personal data violation happened, we evaluate its gravity (no risk, low risk, high risk) and depending on the gravity, we inform you, and the supervisory authority (Personal Data Protection Office) about the personal data violation.\n\n<br ><\/span><br ><span  style=\"font-weight: 300;\">\nIn the event that you would like to exercise any of the above-mentioned rights or when you discover or consider that your personal data has been processed contrary to privacy and personal life protection or contrary to the law, please do not hesitate to contact us any at time.\n<\/span><br ><span  style=\"font-weight: 300;\">\nIf your personal data is only processed on the basis of the consent, you have the right to withdraw the consent any time.<\/span><br ><span  style=\"font-weight: 300;\">\nIf you discover or consider that your right to personal data protection has been violated, you can refer directly to the supervisory authority (Personal Data Protection Office).\n\n<br ><\/span><br ><span  style=\"font-weight: 600;\">\n6.\tUSEFUL CONTACT DETAILS<\/span><br ><span  style=\"font-weight: 300;\">\nD2Drives s.r.o.<\/span><br ><span  style=\"font-weight: 300;\">\nDru\u017estevn\u00ed 1200\/20<\/span><br ><span  style=\"font-weight: 300;\">\n789 85 Mohelnice<\/span><br ><span  style=\"font-weight: 300;\">\nE-mail: drives@d2g.cz<\/span><br ><span  style=\"font-weight: 300;\">\nTelefon: +420 583 453 043<\/span><br ><span  style=\"font-weight: 300;\">\nwww: www.d2drives.cz\n\n<\/span><br ><span  style=\"font-weight: 300;\">\n\u00da\u0159ad pro ochranu osobn\u00edch \u00fadaj\u016f<\/span><br ><span  style=\"font-weight: 300;\">\nPplk. Sochora 27<\/span><br ><span  style=\"font-weight: 300;\">\n170 00 Praha 7<\/span><br ><span  style=\"font-weight: 300;\">\nE-mail: posta@uoou.cz<\/span><br ><span  style=\"font-weight: 300;\">\nTelefon: +420 234 665 111<\/span><br ><span  style=\"font-weight: 300;\">\nwww: https:\/\/www.uoou.cz<\/span><\/p> <\/div> <\/div><\/div> <\/div>","protected":false},"excerpt":{"rendered":"<p>Informace o zpracov\u00e1n\u00ed osobn\u00edch \u00fadaj\u016f Spole\u010dnost D2Drives s.r.o., I\u010c: 41031130, se s\u00eddlem Dru\u017estevn\u00ed 1200\/20, 789 85 Mohelnice, zapsan\u00e1 v obchodn\u00edm rejst\u0159\u00edku veden\u00e9m Krajsk\u00fdm soudem v Ostrav\u011b pod sp. zn. C 2144 (d\u00e1le t\u00e9\u017e jen jako \u201espr\u00e1vce\u201c), je p\u0159edn\u00edm prodejcem elektromotor\u016f, frekven\u010dn\u00edch m\u011bni\u010d\u016f, sp\u00ednac\u00ed techniky a dal\u0161\u00edch v\u00fdrobk\u016f. Spole\u010dnost D2Drives s.r.o. v\u017edy velmi db\u00e1 na spokojenost&hellip; <br \/> <a class=\"read-more\" href=\"https:\/\/www.yreduktor.eu\/index.php\/informace-o-zpracovani-osobnich-udaju\/\">Read more<\/a><\/p>\n","protected":false},"author":1,"featured_media":0,"parent":0,"menu_order":5,"comment_status":"closed","ping_status":"closed","template":"pro\/page-templates\/page-with-small-header.php","meta":{"footnotes":""},"yoast_head":"<!-- This site is optimized with the Yoast SEO plugin v21.3 - https:\/\/yoast.com\/wordpress\/plugins\/seo\/ -->\n<title>Informace o zpracov\u00e1n\u00ed osobn\u00edch \u00fadaj\u016f - Yilmaz Red\u00fckt\u00f6r<\/title>\n<meta name=\"description\" content=\"Spole\u010dnost D2Drives s.r.o. v\u017edy velmi db\u00e1 na spokojenost sv\u00fdch z\u00e1kazn\u00edk\u016f a pln\u011b respektuje jejich pr\u00e1vo na soukrom\u00ed a ochranu osobn\u00edch \u00fadaj\u016f.\" \/>\n<meta name=\"robots\" content=\"index, follow, max-snippet:-1, max-image-preview:large, max-video-preview:-1\" \/>\n<link rel=\"canonical\" href=\"https:\/\/yreduktor.eu\/index.php\/informace-o-zpracovani-osobnich-udaju\/\" \/>\n<meta property=\"og:locale\" content=\"cs_CZ\" \/>\n<meta property=\"og:type\" content=\"article\" \/>\n<meta property=\"og:title\" content=\"Informace o zpracov\u00e1n\u00ed osobn\u00edch \u00fadaj\u016f - Yilmaz Red\u00fckt\u00f6r\" \/>\n<meta property=\"og:description\" content=\"Spole\u010dnost D2Drives s.r.o. v\u017edy velmi db\u00e1 na spokojenost sv\u00fdch z\u00e1kazn\u00edk\u016f a pln\u011b respektuje jejich pr\u00e1vo na soukrom\u00ed a ochranu osobn\u00edch \u00fadaj\u016f.\" \/>\n<meta property=\"og:url\" content=\"https:\/\/yreduktor.eu\/index.php\/informace-o-zpracovani-osobnich-udaju\/\" \/>\n<meta property=\"og:site_name\" content=\"Yilmaz Red\u00fckt\u00f6r\" \/>\n<meta property=\"article:modified_time\" content=\"2019-05-23T13:33:14+00:00\" \/>\n<meta property=\"og:image\" content=\"https:\/\/yreduktor.eu\/wp-content\/uploads\/2019\/03\/yilmaz_FB_cover-pic.jpg\" \/>\n\t<meta property=\"og:image:width\" content=\"1200\" \/>\n\t<meta property=\"og:image:height\" content=\"630\" \/>\n\t<meta property=\"og:image:type\" content=\"image\/jpeg\" \/>\n<meta name=\"twitter:card\" content=\"summary_large_image\" \/>\n<meta name=\"twitter:label1\" content=\"Odhadovan\u00e1 doba \u010dten\u00ed\" \/>\n\t<meta name=\"twitter:data1\" content=\"20 minut\" \/>\n<script type=\"application\/ld+json\" class=\"yoast-schema-graph\">{\"@context\":\"https:\/\/schema.org\",\"@graph\":[{\"@type\":\"WebPage\",\"@id\":\"https:\/\/yreduktor.eu\/index.php\/informace-o-zpracovani-osobnich-udaju\/\",\"url\":\"https:\/\/yreduktor.eu\/index.php\/informace-o-zpracovani-osobnich-udaju\/\",\"name\":\"Informace o zpracov\u00e1n\u00ed osobn\u00edch \u00fadaj\u016f - Yilmaz Red\u00fckt\u00f6r\",\"isPartOf\":{\"@id\":\"https:\/\/yreduktor.eu\/#website\"},\"datePublished\":\"2019-02-20T13:36:38+00:00\",\"dateModified\":\"2019-05-23T13:33:14+00:00\",\"description\":\"Spole\u010dnost D2Drives s.r.o. v\u017edy velmi db\u00e1 na spokojenost sv\u00fdch z\u00e1kazn\u00edk\u016f a pln\u011b respektuje jejich pr\u00e1vo na soukrom\u00ed a ochranu osobn\u00edch \u00fadaj\u016f.\",\"breadcrumb\":{\"@id\":\"https:\/\/yreduktor.eu\/index.php\/informace-o-zpracovani-osobnich-udaju\/#breadcrumb\"},\"inLanguage\":\"cs\",\"potentialAction\":[{\"@type\":\"ReadAction\",\"target\":[\"https:\/\/yreduktor.eu\/index.php\/informace-o-zpracovani-osobnich-udaju\/\"]}]},{\"@type\":\"BreadcrumbList\",\"@id\":\"https:\/\/yreduktor.eu\/index.php\/informace-o-zpracovani-osobnich-udaju\/#breadcrumb\",\"itemListElement\":[{\"@type\":\"ListItem\",\"position\":1,\"name\":\"Dom\u016f\",\"item\":\"https:\/\/yreduktor.eu\/\"},{\"@type\":\"ListItem\",\"position\":2,\"name\":\"Informace o zpracov\u00e1n\u00ed osobn\u00edch \u00fadaj\u016f\"}]},{\"@type\":\"WebSite\",\"@id\":\"https:\/\/yreduktor.eu\/#website\",\"url\":\"https:\/\/yreduktor.eu\/\",\"name\":\"Yilmaz Red\u00fckt\u00f6r\",\"description\":\"P\u0159evodovky Yilmaz v \u010cR.\",\"potentialAction\":[{\"@type\":\"SearchAction\",\"target\":{\"@type\":\"EntryPoint\",\"urlTemplate\":\"https:\/\/yreduktor.eu\/?s={search_term_string}\"},\"query-input\":\"required name=search_term_string\"}],\"inLanguage\":\"cs\"}]}<\/script>\n<!-- \/ Yoast SEO plugin. -->","yoast_head_json":{"title":"Informace o zpracov\u00e1n\u00ed osobn\u00edch \u00fadaj\u016f - Yilmaz Red\u00fckt\u00f6r","description":"Spole\u010dnost D2Drives s.r.o. v\u017edy velmi db\u00e1 na spokojenost sv\u00fdch z\u00e1kazn\u00edk\u016f a pln\u011b respektuje jejich pr\u00e1vo na soukrom\u00ed a ochranu osobn\u00edch \u00fadaj\u016f.","robots":{"index":"index","follow":"follow","max-snippet":"max-snippet:-1","max-image-preview":"max-image-preview:large","max-video-preview":"max-video-preview:-1"},"canonical":"https:\/\/yreduktor.eu\/index.php\/informace-o-zpracovani-osobnich-udaju\/","og_locale":"cs_CZ","og_type":"article","og_title":"Informace o zpracov\u00e1n\u00ed osobn\u00edch \u00fadaj\u016f - Yilmaz Red\u00fckt\u00f6r","og_description":"Spole\u010dnost D2Drives s.r.o. v\u017edy velmi db\u00e1 na spokojenost sv\u00fdch z\u00e1kazn\u00edk\u016f a pln\u011b respektuje jejich pr\u00e1vo na soukrom\u00ed a ochranu osobn\u00edch \u00fadaj\u016f.","og_url":"https:\/\/yreduktor.eu\/index.php\/informace-o-zpracovani-osobnich-udaju\/","og_site_name":"Yilmaz Red\u00fckt\u00f6r","article_modified_time":"2019-05-23T13:33:14+00:00","og_image":[{"width":1200,"height":630,"url":"https:\/\/yreduktor.eu\/wp-content\/uploads\/2019\/03\/yilmaz_FB_cover-pic.jpg","type":"image\/jpeg"}],"twitter_card":"summary_large_image","twitter_misc":{"Odhadovan\u00e1 doba \u010dten\u00ed":"20 minut"},"schema":{"@context":"https:\/\/schema.org","@graph":[{"@type":"WebPage","@id":"https:\/\/yreduktor.eu\/index.php\/informace-o-zpracovani-osobnich-udaju\/","url":"https:\/\/yreduktor.eu\/index.php\/informace-o-zpracovani-osobnich-udaju\/","name":"Informace o zpracov\u00e1n\u00ed osobn\u00edch \u00fadaj\u016f - Yilmaz Red\u00fckt\u00f6r","isPartOf":{"@id":"https:\/\/yreduktor.eu\/#website"},"datePublished":"2019-02-20T13:36:38+00:00","dateModified":"2019-05-23T13:33:14+00:00","description":"Spole\u010dnost D2Drives s.r.o. v\u017edy velmi db\u00e1 na spokojenost sv\u00fdch z\u00e1kazn\u00edk\u016f a pln\u011b respektuje jejich pr\u00e1vo na soukrom\u00ed a ochranu osobn\u00edch \u00fadaj\u016f.","breadcrumb":{"@id":"https:\/\/yreduktor.eu\/index.php\/informace-o-zpracovani-osobnich-udaju\/#breadcrumb"},"inLanguage":"cs","potentialAction":[{"@type":"ReadAction","target":["https:\/\/yreduktor.eu\/index.php\/informace-o-zpracovani-osobnich-udaju\/"]}]},{"@type":"BreadcrumbList","@id":"https:\/\/yreduktor.eu\/index.php\/informace-o-zpracovani-osobnich-udaju\/#breadcrumb","itemListElement":[{"@type":"ListItem","position":1,"name":"Dom\u016f","item":"https:\/\/yreduktor.eu\/"},{"@type":"ListItem","position":2,"name":"Informace o zpracov\u00e1n\u00ed osobn\u00edch \u00fadaj\u016f"}]},{"@type":"WebSite","@id":"https:\/\/yreduktor.eu\/#website","url":"https:\/\/yreduktor.eu\/","name":"Yilmaz Red\u00fckt\u00f6r","description":"P\u0159evodovky Yilmaz v \u010cR.","potentialAction":[{"@type":"SearchAction","target":{"@type":"EntryPoint","urlTemplate":"https:\/\/yreduktor.eu\/?s={search_term_string}"},"query-input":"required name=search_term_string"}],"inLanguage":"cs"}]}},"lang":"cs","translations":{"cs":771},"jetpack_sharing_enabled":true,"pll_sync_post":[],"_links":{"self":[{"href":"https:\/\/www.yreduktor.eu\/index.php\/wp-json\/wp\/v2\/pages\/771"}],"collection":[{"href":"https:\/\/www.yreduktor.eu\/index.php\/wp-json\/wp\/v2\/pages"}],"about":[{"href":"https:\/\/www.yreduktor.eu\/index.php\/wp-json\/wp\/v2\/types\/page"}],"author":[{"embeddable":true,"href":"https:\/\/www.yreduktor.eu\/index.php\/wp-json\/wp\/v2\/users\/1"}],"replies":[{"embeddable":true,"href":"https:\/\/www.yreduktor.eu\/index.php\/wp-json\/wp\/v2\/comments?post=771"}],"version-history":[{"count":11,"href":"https:\/\/www.yreduktor.eu\/index.php\/wp-json\/wp\/v2\/pages\/771\/revisions"}],"predecessor-version":[{"id":1310,"href":"https:\/\/www.yreduktor.eu\/index.php\/wp-json\/wp\/v2\/pages\/771\/revisions\/1310"}],"wp:attachment":[{"href":"https:\/\/www.yreduktor.eu\/index.php\/wp-json\/wp\/v2\/media?parent=771"}],"curies":[{"name":"wp","href":"https:\/\/api.w.org\/{rel}","templated":true}]}}